{"id":38,"date":"2017-12-03T23:00:00","date_gmt":"2017-09-24T20:00:00","guid":{"rendered":"http:\/\/www.unilim.fr\/carmalim-dev\/?page_id=38"},"modified":"2021-01-21T11:09:00","modified_gmt":"2021-01-21T10:09:00","slug":"lappui-scientifique","status":"publish","type":"page","link":"https:\/\/www.unilim.fr\/carmalim\/?page_id=38","title":{"rendered":"L&rsquo;appui scientifique"},"content":{"rendered":"                                <div class=\"ul-banner-parallax \" style=\"height:300px;\" >\n\n                                    <div class=\"ul-post-thumbnail\" style=\"height:300px; background-size: cover; background-image: url('https:\/\/www.unilim.fr\/carmalim\/wp-content\/uploads\/sites\/20\/2017\/07\/splat.jpg')\"><!-- Image BG --><\/div>\n\n                                    <div class=\"ul-post-thumbnail-back\" style=\"margin-top:-300px; height:300px; opacity:.5;\"><!-- Texture --><\/div>\n\n                                    <div class=\"ul-layers\">\n                                        \n                                        <div class=\"ul-layer ul-slogan\" style=\"bottom:160px;right:20%;\">\n                                            <h4 class=\"text-light\"><em><br\/>\n                                            &nbsp;&nbsp;&nbsp;&nbsp;&nbsp;&nbsp;&nbsp;<\/em><\/h4>\n                                                                                    <\/div>\n\n                                    <\/div>\n\n                                <\/div>\n                                <script type=\"text\/javascript\">\n                                    \/\/\/\/\/\/\/\/\/\/\/\/\/\/\/\/\/\/\/\/\/\/\/\/\/\/\/\/\/\/\/\/\/\/\/\/\/\/\/\/\/\/\/\/\/\/\/\/\/\/\/\/\/\/\/\/\/\/\/\/\/\/\/\/\/\/\/\/\/\/\/\/\/\/\/\/\/\/\/\/\/\/\/\/\/\/\/\/\/\/\/\/\/\/\/\/\/\/\/\/\n                                    \/\/  PARALAX\n                                    \/\/\/\/\/\/\/\/\/\/\/\/\/\/\/\/\/\/\/\/\/\/\/\/\/\/\/\/\/\/\/\/\/\/\/\/\/\/\/\/\/\/\/\/\/\/\/\/\/\/\/\/\/\/\/\/\/\/\/\/\/\/\/\/\/\/\/\/\/\/\/\/\/\/\/\/\/\/\/\/\/\/\/\/\/\/\/\/\/\/\/\/\/\/\/\/\/\/\/\/\n                                    $( document ).ready(function() {\n                                        var bandeau = $('.ul-banner-parallax');\n                                        if (bandeau.length){\n                                            var imgpos = 50 - $( window ).scrollTop()\/20;\n                                            $('.ul-banner-parallax > .ul-post-thumbnail').css('background-position','50% '+imgpos+'%');\n                                            $( window ).scroll(function(){\n                                                imgpos = 50 - $( window ).scrollTop()\/10;\n                                                txtpos = 160 + $( window ).scrollTop()\/5;\n                                                frisepos = 125 + $( window ).scrollTop()\/10;\n                                                $('.ul-banner-parallax > .ul-post-thumbnail').css('background-position','50% '+imgpos+'%');\n                                                $('.ul-slogan').css('bottom',txtpos+'px');\n                                                $('.ul-frise-1').css('bottom',frisepos+'px');\n                                                \/\/$('.ul-texture').css('background-position',''+-frisepos+'%');\n                                            });\n                                        }\n                                    });\n                                <\/script>\n\n                                    <div class=\"container-fluid  \" style=\"\">\n                      <div class=\"container\">\n                <div class=\"row \" style=\"margin-top: 30px;margin-bottom: 30px\">        <div class=\"col-sm-12 \">\n                    <div class=\"clearfix ul-element-text \">\n            \n<h3 class=\"ul-bold\"><span style=\"color: #333333\">Certaines analyses peuvent n\u00e9cessiter l&rsquo;expertise de chercheurs ou d&rsquo;enseignants-chercheurs. Soit parce que l&rsquo;\u00e9quipement est sp\u00e9cifique \u00e0 une \u00e9quipe de recherhce, tout en \u00e9tant g\u00e9r\u00e9 par la plateforme CARMALIM. Soit parce que l&rsquo;\u00e9tude est approfondie scientifiquement. Dans ce cas le besoin peut \u00eatre de plus ou moins longue dur\u00e9e et d\u00e9boucher sur des partenariats ou collaborations.<\/span><\/h3>\n        <\/div>\n                <\/div>\n        <\/div>\n            <\/div>\n                  <\/div>\n                <div class=\"container-fluid  \" style=\"\">\n                      <div class=\"container\">\n                <div class=\"row \" style=\"margin-top: 30px;margin-bottom: 30px\">        <div class=\"col-sm-5 \">\n                    <div class=\"clearfix ul-element-text \">\n            \n<h3 class=\"ul-bold\"><span style=\"color: #999999\"><strong>BIENIA Marguerite<\/strong><\/span><\/h3>\n<h5 class=\"ul-bold\"><span style=\"color: #999999\">Ma\u00eetre de Conf\u00e9rences &#8211; Universit\u00e9 de Limoges<\/span><\/h5>\n<h5 class=\"ul-bold\"><span style=\"color: #999999\">Axe 1\u00a0: Proc\u00e9d\u00e9s C\u00e9ramiques <\/span><\/h5>\n<h5 class=\"ul-bold\"><span style=\"color: #999999\">Courriel\u00a0: marguerite.bienia@unilim.fr<\/span><\/h5>\n<h5 class=\"ul-bold\"><span style=\"color: #999999\">T\u00e9l\u00a0: 05 87 50 23 67<\/span><\/h5>\n<h4 class=\"ul-bold\"><span style=\"color: #999999\"><strong>Responsable p\u00f4le Suspensions<\/strong><\/span><\/h4>\n        <\/div>\n                <\/div>\n                <div class=\"col-sm-7 \">\n                    <div class=\"clearfix ul-element-text \">\n            \n<h3 class=\"ul-bold\"><span style=\"color: #999999\"><strong>COLAS Maggy<\/strong><\/span><\/h3>\n<h5 class=\"ul-bold\"><span style=\"color: #999999\">Charg\u00e9e de Recherche &#8211; CNRS<\/span><\/h5>\n<h5 class=\"ul-bold\"><span style=\"color: #999999\">Axe 3\u00a0: Organisation Structurale Multi\u00e9chelle des Mat\u00e9riaux <\/span><\/h5>\n<h5 class=\"ul-bold\"><span style=\"color: #999999\">Courriel\u00a0: maggy.colas@unilim.fr<\/span><\/h5>\n<h5 class=\"ul-bold\"><span style=\"color: #999999\">T\u00e9l\u00a0: 05 87 50 23 80<\/span><\/h5>\n<h4 class=\"ul-bold\"><span style=\"color: #999999\"><strong>Responsable P\u00f4le Spectroscopie et Optique<\/strong><\/span><\/h4>\n        <\/div>\n                <\/div>\n        <\/div>\n            <\/div>\n                  <\/div>\n                <div class=\"container-fluid  \" style=\"\">\n                      <div class=\"container\">\n                <div class=\"row \" style=\"margin-top: 30px;margin-bottom: 30px\">        <div class=\"col-sm-5 \">\n                    <div class=\"clearfix ul-element-text \">\n            \n<h3 class=\"ul-bold\"><span style=\"color: #999999\"><strong>MAITRE Alexandre<\/strong><\/span><\/h3>\n<h5 class=\"ul-bold\"><span style=\"color: #999999\">Professeur &#8211; Universit\u00e9 de Limoges<\/span><\/h5>\n<h5 class=\"ul-bold\"><span style=\"color: #999999\">Axe 4\u00a0: C\u00e9ramiques sous Contraintes Environnementales <\/span><\/h5>\n<h5 class=\"ul-bold\"><span style=\"color: #999999\">Courriel\u00a0: alexandre.maitre@unilim.fr<\/span><\/h5>\n<h5 class=\"ul-bold\"><span style=\"color: #999999\">T\u00e9l\u00a0: 05 87 50 23 48 (CEC) \/ 05 55 45 74 63 (Fac Sciences)<\/span><\/h5>\n<h4 class=\"ul-bold\"><span style=\"color: #999999\"><strong>Responsable P\u00f4le Traitement Thermique &#8211; Propri\u00e9t\u00e9s m\u00e9caniques<\/strong><\/span><\/h4>\n        <\/div>\n                <\/div>\n                <div class=\"col-sm-7 \">\n                    <div class=\"clearfix ul-element-text \">\n            \n<h3 class=\"ul-bold\"><span style=\"color: #999999\"><strong>MASSON Olivier<\/strong><\/span><\/h3>\n<h5 class=\"ul-bold\"><span style=\"color: #999999\">Professeur &#8211; Universit\u00e9 de Limoges<\/span><\/h5>\n<h5 class=\"ul-bold\"><span style=\"color: #999999\">Axe 3\u00a0: Organisation Structurale Multi\u00e9chelle des Mat\u00e9riaux<\/span><\/h5>\n<h5 class=\"ul-bold\"><span style=\"color: #999999\">Courriel\u00a0: olivier.masson@unilim.fr<\/span><\/h5>\n<h5 class=\"ul-bold\"><span style=\"color: #999999\">T\u00e9l\u00a0: 05 87 50 23 76 (CEC) \/ 05 55 45 74 79 (Fac Sciences)<\/span><\/h5>\n<h4 class=\"ul-bold\"><span style=\"color: #999999\"><strong>Responsable P\u00f4le Diffraction Rayons X<\/strong><\/span><\/h4>\n        <\/div>\n                <\/div>\n        <\/div>\n            <\/div>\n                  <\/div>\n                <div class=\"container-fluid  \" style=\"\">\n                      <div class=\"container\">\n                <div class=\"row \" style=\"margin-top: 30px;margin-bottom: 30px\">        <div class=\"col-sm-5 \">\n                    <div class=\"clearfix ul-element-text \">\n            \n<h3 class=\"ul-bold\"><span style=\"color: #999999\"><strong>TROLLIARD Gilles<\/strong><\/span><\/h3>\n<h5 class=\"ul-bold\"><span style=\"color: #999999\">Professeur &#8211; Universit\u00e9 de Limoges<\/span><\/h5>\n<h5 class=\"ul-bold\"><span style=\"color: #999999\">Axe 3\u00a0: Organisation Structurale Multi\u00e9chelle des Mat\u00e9riaux<\/span><\/h5>\n<h5 class=\"ul-bold\"><span style=\"color: #999999\">Courriel\u00a0: gilles.trolliard@unilim.fr<\/span><\/h5>\n<h5 class=\"ul-bold\"><span style=\"color: #999999\">T\u00e9l\u00a0: 05 87 50 23 81 (CEC) \/ 05 55 45 74 94 (Fac Sciences)<\/span><\/h5>\n<h4 class=\"ul-bold\"><span style=\"color: #999999\"><strong>Responsable P\u00f4le Microscopie<\/strong><\/span><\/h4>\n        <\/div>\n                <\/div>\n                <div class=\"col-sm-7 \">\n                    <div class=\"clearfix ul-element-text \">\n            \n<h3 class=\"ul-bold\"><span style=\"color: #999999\"><strong>VALETTE St\u00e9phane<\/strong><\/span><\/h3>\n<h5 class=\"ul-bold\"><span style=\"color: #999999\">Ma\u00eetre de Conf\u00e9rences &#8211; Universit\u00e9 de Limoges<\/span><\/h5>\n<h5 class=\"ul-bold\"><span style=\"color: #999999\">Axe 2\u00a0: Proc\u00e9d\u00e9s Plasmas et Lasers<\/span><\/h5>\n<h5 class=\"ul-bold\"><span style=\"color: #999999\">Courriel\u00a0: stephane.valette@unilim.fr<\/span><\/h5>\n<h5 class=\"ul-bold\"><span style=\"color: #999999\">T\u00e9l\u00a0: 05 87 50 23 38 (CEC) \/ 05 55 45 73 70 (Fac Sciences)<\/span><\/h5>\n<h4 class=\"ul-bold\"><span style=\"color: #999999\"><strong>Responsable P\u00f4le Analyses Thermique Chimique et Morphologique<\/strong><\/span><\/h4>\n        <\/div>\n                <\/div>\n        <\/div>\n            <\/div>\n                  <\/div>\n        \n","protected":false},"excerpt":{"rendered":"","protected":false},"author":50,"featured_media":0,"parent":34,"menu_order":0,"comment_status":"closed","ping_status":"closed","template":"page-le.php","meta":{"footnotes":""},"class_list":["post-38","page","type-page","status-publish","hentry"],"_links":{"self":[{"href":"https:\/\/www.unilim.fr\/carmalim\/index.php?rest_route=\/wp\/v2\/pages\/38","targetHints":{"allow":["GET"]}}],"collection":[{"href":"https:\/\/www.unilim.fr\/carmalim\/index.php?rest_route=\/wp\/v2\/pages"}],"about":[{"href":"https:\/\/www.unilim.fr\/carmalim\/index.php?rest_route=\/wp\/v2\/types\/page"}],"author":[{"embeddable":true,"href":"https:\/\/www.unilim.fr\/carmalim\/index.php?rest_route=\/wp\/v2\/users\/50"}],"replies":[{"embeddable":true,"href":"https:\/\/www.unilim.fr\/carmalim\/index.php?rest_route=%2Fwp%2Fv2%2Fcomments&post=38"}],"version-history":[{"count":0,"href":"https:\/\/www.unilim.fr\/carmalim\/index.php?rest_route=\/wp\/v2\/pages\/38\/revisions"}],"up":[{"embeddable":true,"href":"https:\/\/www.unilim.fr\/carmalim\/index.php?rest_route=\/wp\/v2\/pages\/34"}],"wp:attachment":[{"href":"https:\/\/www.unilim.fr\/carmalim\/index.php?rest_route=%2Fwp%2Fv2%2Fmedia&parent=38"}],"curies":[{"name":"wp","href":"https:\/\/api.w.org\/{rel}","templated":true}]}}